{"id":5876,"date":"2023-09-01T10:58:59","date_gmt":"2023-09-01T10:58:59","guid":{"rendered":"https:\/\/www.yellowcar.com\/alquiler-coche-larga-duracion\/"},"modified":"2023-11-14T10:35:06","modified_gmt":"2023-11-14T10:35:06","slug":"autovermietung-lange-sicht","status":"publish","type":"page","link":"https:\/\/www.yellowcar.com\/de\/autovermietung-lange-sicht\/","title":{"rendered":"Angebote Renting | Langzeit-Autovermietung f\u00fcr Privatpersonen"},"content":{"rendered":"\n<div class=\"wp-block-group breadcrumb has-primary-background-color has-background is-layout-constrained wp-container-core-group-is-layout-1d5f02f0 wp-block-group-is-layout-constrained\" style=\"padding-top:10px;padding-right:20px;padding-bottom:10px;padding-left:20px\"><nav class=\"breadcrumbs\" itemscope itemtype=\"https:\/\/schema.org\/BreadcrumbList\"><a href=\"https:\/\/www.yellowcar.com\/de\/\" itemprop=\"itemListElement\" itemscope itemtype=\"https:\/\/schema.org\/ListItem\"><span itemprop=\"name\">Home<\/span><meta itemprop=\"position\" content=\"1\" \/><\/a><span class=\"delimiter\"> \/ <\/span><\/nav><\/div>\n\n\n\n<section class=\"wp-block-group is-layout-constrained wp-container-core-group-is-layout-45b7d6ca wp-block-group-is-layout-constrained\" style=\"padding-top:50px;padding-right:20px;padding-left:20px\">\n<div class=\"wp-block-uagb-advanced-heading uagb-block-46f6b64b\"><p class=\"uagb-heading-text\">Geben Sie einen Zeitraum von 30 Tagen in unsere Suchmaschine ein, um Ihren speziellen monatlichen Pauschalpreis zu erhalten.<\/p><\/div>\n\n\n\n<div class=\"wp-block-uagb-advanced-heading uagb-block-7fdbba96\"><p class=\"uagb-heading-text\"><a href=\"\/de\/mietautos\/\">Sie k\u00f6nnen hier Ihren Kurzzeit-Mietwagen buchen.<\/a><\/p><\/div>\n<\/section>\n\n\n\n<div class=\"wp-block-uagb-container uagb-block-2f5d3d15 alignfull uagb-is-root-container\"><div class=\"uagb-container-inner-blocks-wrap\">\n<div class=\"wp-block-uagb-container c-sticky uagb-block-22240f08\">\n<div class=\"wp-block-uagb-advanced-heading uagb-block-c047dbbe fadeintop\"><h2 class=\"uagb-heading-text\">Langzeit-Leasing am Flughafen Malaga, Marbella und La Cala de Mijas.<\/h2><div class=\"uagb-separator\"><\/div><\/div>\n\n\n\n<p>In unseren Autovermietungsb\u00fcros in Marbella, La Cala de Mijas und am Flughafen Malaga. Zus\u00e4tzlich zu unseren \u00fcblichen Mietwagenservices bieten wir nun auch die M\u00f6glichkeit des Langzeit-Leasings an der Costa del Sol an.<\/p>\n\n\n\n<p>Angebote f\u00fcr Privatpersonen beim Leasing<\/p>\n\n\n\n<p>Wir bieten einen Monatsmietdienst mit einem festen monatlichen Tarif ohne versteckte Kosten f\u00fcr Langzeit-Leasing von Autos f\u00fcr Privatpersonen an.<\/p>\n\n\n\n<p>Bei Yellow Car haben Sie die M\u00f6glichkeit, ein Auto pro Monat zu mieten. W\u00e4hlen Sie das Modell, das Ihnen am besten gef\u00e4llt.<\/p>\n\n\n\n<div class=\"wp-block-uagb-buttons uagb-buttons__outer-wrap uagb-btn__default-btn uagb-btn-tablet__default-btn uagb-btn-mobile__default-btn uagb-block-775f4834\"><div class=\"uagb-buttons__wrap uagb-buttons-layout-wrap\">\n<div class=\"wp-block-uagb-buttons-child uagb-buttons__outer-wrap uagb-block-2d2e56ce wp-block-button\"><div class=\"uagb-button__wrapper\"><a class=\"uagb-buttons-repeater wp-block-button__link\" href=\"\/de\/kontact\" onclick=\"return true;\" rel=\"follow noopener\" target=\"_blank\"><span class=\"uagb-button__icon uagb-button__icon-position-before\"><svg xmlns=\"https:\/\/www.w3.org\/2000\/svg\" viewBox=\"0 0 512 512\"><path d=\"M464 64C490.5 64 512 85.49 512 112C512 127.1 504.9 141.3 492.8 150.4L275.2 313.6C263.8 322.1 248.2 322.1 236.8 313.6L19.2 150.4C7.113 141.3 0 127.1 0 112C0 85.49 21.49 64 48 64H464zM217.6 339.2C240.4 356.3 271.6 356.3 294.4 339.2L512 176V384C512 419.3 483.3 448 448 448H64C28.65 448 0 419.3 0 384V176L217.6 339.2z\"><\/path><\/svg><\/span><div class=\"uagb-button__link\">Auto f\u00fcr Monate bei Yellow Car reservieren<\/div><\/a><\/div><\/div>\n<\/div><\/div>\n<\/div>\n\n\n\n<div class=\"wp-block-uagb-container uagb-block-bb150397\">\n<div class=\"wp-block-group list-modal has-white-color has-secondary-background-color has-text-color has-background is-layout-constrained wp-block-group-is-layout-constrained\" style=\"border-radius:20px\">\n<div class=\"wp-block-uagb-advanced-heading uagb-block-278ec526\"><h2 class=\"uagb-heading-text\">Was ist im Preis f\u00fcr die Monatsmiete eines Autos enthalten?<\/h2><\/div>\n\n\n\n<div class=\"wp-block-group is-nowrap is-layout-flex wp-container-core-group-is-layout-6c531013 wp-block-group-is-layout-flex\">      \n\t\t\t<div class=\"uagb-icon-wrapper uagb-block-e2b2b509      \"\n\t\t\tstyle=\"\" >\n\t\t\t\t\t\t\t\t\t<span class=\"uagb-svg-wrapper\" \n\t\t\t\t\t aria-label=\"angle-right\"\t\t\t\t\ttabindex=\"0\">\t\t\n\t\t\t\t\t\t\t\t\t\t<svg xmlns=\"https:\/\/www.w3.org\/2000\/svg\" viewBox= \"0 0 256 512\" role=\"graphics-symbol\" aria-hidden=\"false\" aria-label=\"\"><path d=\"M64 448c-8.188 0-16.38-3.125-22.62-9.375c-12.5-12.5-12.5-32.75 0-45.25L178.8 256L41.38 118.6c-12.5-12.5-12.5-32.75 0-45.25s32.75-12.5 45.25 0l160 160c12.5 12.5 12.5 32.75 0 45.25l-160 160C80.38 444.9 72.19 448 64 448z\"><\/path><\/svg>\n\t\t\t\t\t\t\t\t\t<\/span>\n\t\t\t\t\t\t\t<\/div>\n\t\t\t\n\n\n<p><strong>Vollkaskoversicherung OHNE Selbstbeteiligung<\/strong><\/p>\n<\/div>\n\n\n\n<div class=\"wp-block-group is-nowrap is-layout-flex wp-container-core-group-is-layout-6c531013 wp-block-group-is-layout-flex\">      \n\t\t\t<div class=\"uagb-icon-wrapper uagb-block-0be8e45f      \"\n\t\t\tstyle=\"\" >\n\t\t\t\t\t\t\t\t\t<span class=\"uagb-svg-wrapper\" \n\t\t\t\t\t aria-label=\"angle-right\"\t\t\t\t\ttabindex=\"0\">\t\t\n\t\t\t\t\t\t\t\t\t\t<svg xmlns=\"https:\/\/www.w3.org\/2000\/svg\" viewBox= \"0 0 256 512\" role=\"graphics-symbol\" aria-hidden=\"false\" aria-label=\"\"><path d=\"M64 448c-8.188 0-16.38-3.125-22.62-9.375c-12.5-12.5-12.5-32.75 0-45.25L178.8 256L41.38 118.6c-12.5-12.5-12.5-32.75 0-45.25s32.75-12.5 45.25 0l160 160c12.5 12.5 12.5 32.75 0 45.25l-160 160C80.38 444.9 72.19 448 64 448z\"><\/path><\/svg>\n\t\t\t\t\t\t\t\t\t<\/span>\n\t\t\t\t\t\t\t<\/div>\n\t\t\t\n\n\n<p><strong><strong>Leasingpreise ohne versteckte Kosten<\/strong><\/strong><\/p>\n<\/div>\n\n\n\n<div class=\"wp-block-group is-nowrap is-layout-flex wp-container-core-group-is-layout-6c531013 wp-block-group-is-layout-flex\">      \n\t\t\t<div class=\"uagb-icon-wrapper uagb-block-179d614d      \"\n\t\t\tstyle=\"\" >\n\t\t\t\t\t\t\t\t\t<span class=\"uagb-svg-wrapper\" \n\t\t\t\t\t aria-label=\"angle-right\"\t\t\t\t\ttabindex=\"0\">\t\t\n\t\t\t\t\t\t\t\t\t\t<svg xmlns=\"https:\/\/www.w3.org\/2000\/svg\" viewBox= \"0 0 256 512\" role=\"graphics-symbol\" aria-hidden=\"false\" aria-label=\"\"><path d=\"M64 448c-8.188 0-16.38-3.125-22.62-9.375c-12.5-12.5-12.5-32.75 0-45.25L178.8 256L41.38 118.6c-12.5-12.5-12.5-32.75 0-45.25s32.75-12.5 45.25 0l160 160c12.5 12.5 12.5 32.75 0 45.25l-160 160C80.38 444.9 72.19 448 64 448z\"><\/path><\/svg>\n\t\t\t\t\t\t\t\t\t<\/span>\n\t\t\t\t\t\t\t<\/div>\n\t\t\t\n\n\n<p><strong>Inklusive Mehrwertsteuer (MwSt.)<\/strong><\/p>\n<\/div>\n\n\n\n<div class=\"wp-block-group is-nowrap is-layout-flex wp-container-core-group-is-layout-6c531013 wp-block-group-is-layout-flex\">      \n\t\t\t<div class=\"uagb-icon-wrapper uagb-block-5e1552de      \"\n\t\t\tstyle=\"\" >\n\t\t\t\t\t\t\t\t\t<span class=\"uagb-svg-wrapper\" \n\t\t\t\t\t aria-label=\"angle-right\"\t\t\t\t\ttabindex=\"0\">\t\t\n\t\t\t\t\t\t\t\t\t\t<svg xmlns=\"https:\/\/www.w3.org\/2000\/svg\" viewBox= \"0 0 256 512\" role=\"graphics-symbol\" aria-hidden=\"false\" aria-label=\"\"><path d=\"M64 448c-8.188 0-16.38-3.125-22.62-9.375c-12.5-12.5-12.5-32.75 0-45.25L178.8 256L41.38 118.6c-12.5-12.5-12.5-32.75 0-45.25s32.75-12.5 45.25 0l160 160c12.5 12.5 12.5 32.75 0 45.25l-160 160C80.38 444.9 72.19 448 64 448z\"><\/path><\/svg>\n\t\t\t\t\t\t\t\t\t<\/span>\n\t\t\t\t\t\t\t<\/div>\n\t\t\t\n\n\n<p><strong><strong>Bis zu 3.000 km\/Monat<\/strong><\/strong><\/p>\n<\/div>\n\n\n\n<div class=\"wp-block-group is-nowrap is-layout-flex wp-container-core-group-is-layout-6c531013 wp-block-group-is-layout-flex\">      \n\t\t\t<div class=\"uagb-icon-wrapper uagb-block-a9cf5e11      \"\n\t\t\tstyle=\"\" >\n\t\t\t\t\t\t\t\t\t<span class=\"uagb-svg-wrapper\" \n\t\t\t\t\t aria-label=\"angle-right\"\t\t\t\t\ttabindex=\"0\">\t\t\n\t\t\t\t\t\t\t\t\t\t<svg xmlns=\"https:\/\/www.w3.org\/2000\/svg\" viewBox= \"0 0 256 512\" role=\"graphics-symbol\" aria-hidden=\"false\" aria-label=\"\"><path d=\"M64 448c-8.188 0-16.38-3.125-22.62-9.375c-12.5-12.5-12.5-32.75 0-45.25L178.8 256L41.38 118.6c-12.5-12.5-12.5-32.75 0-45.25s32.75-12.5 45.25 0l160 160c12.5 12.5 12.5 32.75 0 45.25l-160 160C80.38 444.9 72.19 448 64 448z\"><\/path><\/svg>\n\t\t\t\t\t\t\t\t\t<\/span>\n\t\t\t\t\t\t\t<\/div>\n\t\t\t\n\n\n<p><strong>Keine feste Mindestdauer<\/strong><\/p>\n<\/div>\n\n\n\n<div class=\"wp-block-group is-nowrap is-layout-flex wp-container-core-group-is-layout-6c531013 wp-block-group-is-layout-flex\">      \n\t\t\t<div class=\"uagb-icon-wrapper uagb-block-df8c17a6      \"\n\t\t\tstyle=\"\" >\n\t\t\t\t\t\t\t\t\t<span class=\"uagb-svg-wrapper\" \n\t\t\t\t\t aria-label=\"angle-right\"\t\t\t\t\ttabindex=\"0\">\t\t\n\t\t\t\t\t\t\t\t\t\t<svg xmlns=\"https:\/\/www.w3.org\/2000\/svg\" viewBox= \"0 0 256 512\" role=\"graphics-symbol\" aria-hidden=\"false\" aria-label=\"\"><path d=\"M64 448c-8.188 0-16.38-3.125-22.62-9.375c-12.5-12.5-12.5-32.75 0-45.25L178.8 256L41.38 118.6c-12.5-12.5-12.5-32.75 0-45.25s32.75-12.5 45.25 0l160 160c12.5 12.5 12.5 32.75 0 45.25l-160 160C80.38 444.9 72.19 448 64 448z\"><\/path><\/svg>\n\t\t\t\t\t\t\t\t\t<\/span>\n\t\t\t\t\t\t\t<\/div>\n\t\t\t\n\n\n<p><strong>Vielfalt an Fahrzeugen<\/strong><\/p>\n<\/div>\n<\/div>\n<\/div>\n<\/div><\/div>\n\n\n\n<div class=\"wp-block-uagb-container uagb-block-4e37e951 alignfull uagb-is-root-container\"><div class=\"uagb-container-inner-blocks-wrap\">\n<div class=\"wp-block-uagb-container uagb-block-0c8ad62d\">\n<div class=\"wp-block-uagb-advanced-heading uagb-block-45640f8c fadeintop\"><h2 class=\"uagb-heading-text\">Wie kann man ein Auto monatlich mieten?<\/h2><div class=\"uagb-separator\"><\/div><\/div>\n\n\n\n<p><strong>Geben Sie in die Suchmaschine auf unserer Website einen Zeitraum von 30 Tagen ein, um Ihr monatliches Mietangebot automatisch zu berechnen.<\/strong><\/p>\n\n\n\n<p>Die Verf\u00fcgbarkeit eines Monatsmietdienstes f\u00fcr Autos erm\u00f6glicht es Ihnen:<\/p>\n\n\n\n<ul class=\"wp-block-list\">\n<li>Einfach Ihre Ferien genie\u00dfen.<\/li>\n\n\n\n<li>Zugang zu einem g\u00fcnstigen Auto haben, wenn Ihres defekt ist oder w\u00e4hrend Sie die Anschaffung Ihres eigenen Autos in Erw\u00e4gung ziehen.<\/li>\n\n\n\n<li>F\u00fcr berufliche oder schulische Zwecke unterwegs sein.<\/li>\n\n\n\n<li>Kosten f\u00fcr Wartung und Versicherung des Fahrzeugs sparen.<\/li>\n\n\n\n<li>Je nach Bedarf frei das Auto wechseln.<\/li>\n<\/ul>\n\n\n\n<p>In all diesen F\u00e4llen und vielen anderen ist ein Langzeitmietwagen erforderlich.<\/p>\n\n\n\n<p>Ein Auto f\u00fcr einen Monat an der Costa del Sol zu mieten, ist die beste M\u00f6glichkeit, St\u00e4dte in Malaga wie Marbella, M\u00e1laga, Ronda&#8230; zu besuchen und die Sonne und die malagische Gastronomie zu genie\u00dfen.<\/p>\n\n\n\n<h3 class=\"wp-block-heading\">Buchen Sie eine Langzeitmietwagenreservierung<\/h3>\n\n\n\n<p>Bei Yellow Car bieten wir unseren Kunden die M\u00f6glichkeit, unsere Angebote f\u00fcr die Langzeitmiete von Autos f\u00fcr Privatpersonen in Anspruch zu nehmen.<\/p>\n\n\n\n<p>W\u00e4hlen Sie das monatliche Angebot f\u00fcr die Langzeitmiete eines Privatfahrzeugs, das am besten zu Ihnen passt, und nehmen Sie Kontakt mit uns auf. Ein Auto f\u00fcr Monate in Marbella, Mijas oder M\u00e1laga zu mieten, ist einfach mit Yellow Car.<\/p>\n\n\n\n<div class=\"wp-block-uagb-buttons uagb-buttons__outer-wrap uagb-btn__default-btn uagb-btn-tablet__default-btn uagb-btn-mobile__default-btn uagb-block-0c73207e\"><div class=\"uagb-buttons__wrap uagb-buttons-layout-wrap\">\n<div class=\"wp-block-uagb-buttons-child uagb-buttons__outer-wrap uagb-block-a986a50f wp-block-button\"><div class=\"uagb-button__wrapper\"><a class=\"uagb-buttons-repeater wp-block-button__link\" href=\"\/de\/kontact\/\" onclick=\"return true;\" rel=\"follow noopener\" target=\"_blank\"><span class=\"uagb-button__icon uagb-button__icon-position-before\"><svg xmlns=\"https:\/\/www.w3.org\/2000\/svg\" viewBox=\"0 0 512 512\"><path d=\"M464 64C490.5 64 512 85.49 512 112C512 127.1 504.9 141.3 492.8 150.4L275.2 313.6C263.8 322.1 248.2 322.1 236.8 313.6L19.2 150.4C7.113 141.3 0 127.1 0 112C0 85.49 21.49 64 48 64H464zM217.6 339.2C240.4 356.3 271.6 356.3 294.4 339.2L512 176V384C512 419.3 483.3 448 448 448H64C28.65 448 0 419.3 0 384V176L217.6 339.2z\"><\/path><\/svg><\/span><div class=\"uagb-button__link\">Auto f\u00fcr Monate bei Yellow Car reservieren<\/div><\/a><\/div><\/div>\n<\/div><\/div>\n<\/div>\n\n\n\n<div class=\"wp-block-uagb-container uagb-block-95108a27\">\n<div class=\"wp-block-uagb-advanced-heading uagb-block-5511da05 fadeintop\"><h2 class=\"uagb-heading-text\">Vorteile des Langzeit-Leasing von Autos<\/h2><div class=\"uagb-separator\"><\/div><\/div>\n\n\n\n<ul class=\"wp-block-list\">\n<li>Der Preis ist g\u00fcnstiger, da eine feste monatliche Geb\u00fchr ohne versteckte Kosten gezahlt wird.<\/li>\n\n\n\n<li><strong>Vollkaskoversicherung ohne Selbstbeteiligung.<\/strong><\/li>\n\n\n\n<li><strong>Es ist einfach und schnell.<\/strong><\/li>\n\n\n\n<li>Mit Privatleasingautos k\u00f6nnen Sie sich um die Wartung des Autos und die Versicherungskosten keine Sorgen machen.<\/li>\n\n\n\n<li>M\u00f6glichkeit, ein Auto f\u00fcr einen l\u00e4ngeren Zeitraum mit einer festen monatlichen Geb\u00fchr zu haben.<\/li>\n\n\n\n<li>Erfahrene Firma im Bereich der Autovermietung. Yellow Car ist ein Autovermietungsunternehmen an der Costa del Sol.<\/li>\n\n\n\n<li>Vielf\u00e4ltige Flotte. Wir bieten eine Vielzahl von Fahrzeugen f\u00fcr Privatpersonen zur Langzeitmiete an.<\/li>\n\n\n\n<li><strong>Alternative zum Leasing.<\/strong><\/li>\n\n\n\n<li><strong>Der Mietvertrag kann jederzeit gek\u00fcndigt werden<\/strong>. Der nicht in Anspruch genommene Betrag wird erstattet.<\/li>\n<\/ul>\n\n\n\n<p>Mieten Sie bei <strong>Yellow Car<\/strong>, einem auf Langzeitmietwagen spezialisierten Unternehmen in der Provinz Malaga.<\/p>\n\n\n\n<div class=\"wp-block-uagb-advanced-heading uagb-block-3ce78f0f fadeintop\"><h2 class=\"uagb-heading-text\">Standorte f\u00fcr Privatleasing bei Yellow Car<\/h2><div class=\"uagb-separator\"><\/div><\/div>\n\n\n\n<ul class=\"wp-block-list\">\n<li><a href=\"\/de\/autovermietung-in-marbella\/\">Privatleasing in Marbella.<\/a><\/li>\n\n\n\n<li><a href=\"\/de\/autovermietung-in-mijas\/\">Privatleasing in La Cala de Mijas.<\/a><\/li>\n\n\n\n<li><a href=\"\/de\/autovermietung-in-malaga\/\">Privatleasing in M\u00e1laga.<\/a><\/li>\n<\/ul>\n<\/div>\n<\/div><\/div>\n","protected":false},"excerpt":{"rendered":"<p>Geben Sie einen Zeitraum von 30 Tagen in unsere Suchmaschine ein, um Ihren speziellen monatlichen Pauschalpreis zu erhalten. Sie k\u00f6nnen hier Ihren Kurzzeit-Mietwagen buchen. Langzeit-Leasing am Flughafen Malaga, Marbella und La Cala de Mijas. In unseren Autovermietungsb\u00fcros in Marbella, La Cala de Mijas und am Flughafen Malaga. Zus\u00e4tzlich zu unseren \u00fcblichen Mietwagenservices bieten wir nun [&hellip;]<\/p>\n","protected":false},"author":2,"featured_media":4989,"parent":0,"menu_order":0,"comment_status":"closed","ping_status":"closed","template":"","meta":{"_acf_changed":false,"inline_featured_image":false,"_uag_custom_page_level_css":"","footnotes":""},"class_list":["post-5876","page","type-page","status-publish","has-post-thumbnail","hentry"],"acf":[],"uagb_featured_image_src":{"full":["https:\/\/www.yellowcar.com\/wp-content\/uploads\/2023\/09\/coches-economicos.min_.jpg",1920,1282,false],"thumbnail":["https:\/\/www.yellowcar.com\/wp-content\/uploads\/2023\/09\/coches-economicos.min_-150x150.jpg",150,150,true],"medium":["https:\/\/www.yellowcar.com\/wp-content\/uploads\/2023\/09\/coches-economicos.min_-300x200.jpg",300,200,true],"medium_large":["https:\/\/www.yellowcar.com\/wp-content\/uploads\/2023\/09\/coches-economicos.min_-768x513.jpg",768,513,true],"large":["https:\/\/www.yellowcar.com\/wp-content\/uploads\/2023\/09\/coches-economicos.min_-1024x684.jpg",1024,684,true],"1536x1536":["https:\/\/www.yellowcar.com\/wp-content\/uploads\/2023\/09\/coches-economicos.min_-1536x1026.jpg",1536,1026,true],"2048x2048":["https:\/\/www.yellowcar.com\/wp-content\/uploads\/2023\/09\/coches-economicos.min_.jpg",1920,1282,false]},"uagb_author_info":{"display_name":"Yellow Car","author_link":"https:\/\/www.yellowcar.com\/de\/author\/yellow-car\/"},"uagb_comment_info":0,"uagb_excerpt":"Geben Sie einen Zeitraum von 30 Tagen in unsere Suchmaschine ein, um Ihren speziellen monatlichen Pauschalpreis zu erhalten. Sie k\u00f6nnen hier Ihren Kurzzeit-Mietwagen buchen. Langzeit-Leasing am Flughafen Malaga, Marbella und La Cala de Mijas. In unseren Autovermietungsb\u00fcros in Marbella, La Cala de Mijas und am Flughafen Malaga. Zus\u00e4tzlich zu unseren \u00fcblichen Mietwagenservices bieten wir nun&hellip;","_links":{"self":[{"href":"https:\/\/www.yellowcar.com\/de\/wp-json\/wp\/v2\/pages\/5876","targetHints":{"allow":["GET"]}}],"collection":[{"href":"https:\/\/www.yellowcar.com\/de\/wp-json\/wp\/v2\/pages"}],"about":[{"href":"https:\/\/www.yellowcar.com\/de\/wp-json\/wp\/v2\/types\/page"}],"author":[{"embeddable":true,"href":"https:\/\/www.yellowcar.com\/de\/wp-json\/wp\/v2\/users\/2"}],"replies":[{"embeddable":true,"href":"https:\/\/www.yellowcar.com\/de\/wp-json\/wp\/v2\/comments?post=5876"}],"version-history":[{"count":4,"href":"https:\/\/www.yellowcar.com\/de\/wp-json\/wp\/v2\/pages\/5876\/revisions"}],"predecessor-version":[{"id":6449,"href":"https:\/\/www.yellowcar.com\/de\/wp-json\/wp\/v2\/pages\/5876\/revisions\/6449"}],"wp:featuredmedia":[{"embeddable":true,"href":"https:\/\/www.yellowcar.com\/de\/wp-json\/wp\/v2\/media\/4989"}],"wp:attachment":[{"href":"https:\/\/www.yellowcar.com\/de\/wp-json\/wp\/v2\/media?parent=5876"}],"curies":[{"name":"wp","href":"https:\/\/api.w.org\/{rel}","templated":true}]}}