{"id":5871,"date":"2023-09-01T10:53:25","date_gmt":"2023-09-01T10:53:25","guid":{"rendered":"https:\/\/www.yellowcar.com\/alquiler-coches-economicos\/"},"modified":"2023-10-05T11:11:58","modified_gmt":"2023-10-05T11:11:58","slug":"guenstige-autovermietung-in-malaga","status":"publish","type":"page","link":"https:\/\/www.yellowcar.com\/de\/guenstige-autovermietung-in-malaga\/","title":{"rendered":"G\u00fcnstige Autovermietung in Malaga"},"content":{"rendered":"\n<section class=\"wp-block-uagb-container uagb-block-629fa0c7 default uagb-is-root-container\">\n<div class=\"wp-block-uagb-advanced-heading uagb-block-0596b3a9 fadeintop c-w-fit\"><h2 class=\"uagb-heading-text\">Vorteile der Anmietung eines Autos bei Yellow Car:<\/h2><div class=\"uagb-separator\"><\/div><\/div>\n\n\n\n<div class=\"wp-block-uagb-container uagb-block-61d2b172 alignfull uagb-is-root-container\"><div class=\"uagb-container-inner-blocks-wrap\">\n<div class=\"wp-block-uagb-info-box uagb-block-65df8f77 uagb-infobox__content-wrap  uagb-infobox-icon-left uagb-infobox-left uagb-infobox-image-valign-top info-icon fadeinleft\"><div class=\"uagb-ifb-image-content\"><img decoding=\"async\" src=\"https:\/\/www.yellowcar.com\/wp-content\/uploads\/2023\/04\/diploma.svg\" alt=\"\" width=\"\" height=\"0\" loading=\"lazy\"\/><\/div><div class=\"uagb-ifb-content\"><div class=\"uagb-ifb-title-wrap\"><h3 class=\"uagb-ifb-title\">Mieten Sie bei uns Ihren Mietwagen&nbsp;mit Vollkaskoversicherung ohne Selbstbeteiligung<\/h3><\/div><\/div><\/div>\n\n\n\n<div class=\"wp-block-uagb-info-box uagb-block-b79ea0c2 uagb-infobox__content-wrap  uagb-infobox-icon-left uagb-infobox-left uagb-infobox-image-valign-top info-icon fadeinleft\"><div class=\"uagb-ifb-image-content\"><img decoding=\"async\" src=\"https:\/\/www.yellowcar.com\/wp-content\/uploads\/2023\/04\/sign-out.svg\" alt=\"\" width=\"\" height=\"0\" loading=\"lazy\"\/><\/div><div class=\"uagb-ifb-content\"><div class=\"uagb-ifb-title-wrap\"><h3 class=\"uagb-ifb-title\">Unsere Fahrzeugflotte am Flughafen von M\u00e1laga&nbsp;ohne versteckte Kosten<\/h3><\/div><\/div><\/div>\n\n\n\n<div class=\"wp-block-uagb-info-box uagb-block-df29fd41 uagb-infobox__content-wrap  uagb-infobox-icon-left uagb-infobox-left uagb-infobox-image-valign-top info-icon fadeinleft\"><div class=\"uagb-ifb-image-content\"><img decoding=\"async\" src=\"https:\/\/www.yellowcar.com\/wp-content\/uploads\/2023\/04\/fi-rs-taxi.svg\" alt=\"\" width=\"\" height=\"0\" loading=\"lazy\"\/><\/div><div class=\"uagb-ifb-content\"><div class=\"uagb-ifb-title-wrap\"><h3 class=\"uagb-ifb-title\">Breite Vielfahlt aktueller Fahrzeugmodelle&nbsp;in M\u00e1laga.<br><a href=\"https:\/\/www.yellowcar.com\/de\/neue-massnahmen-covid-19\/\"><\/a><\/h3><\/div><\/div><\/div>\n<\/div><\/div>\n<\/section>\n\n\n\n<div class=\"wp-block-uagb-container uagb-block-dbf9e522 alignfull uagb-is-root-container\"><div class=\"uagb-container-inner-blocks-wrap\">\n<div class=\"wp-block-uagb-container c-sticky uagb-block-397cc5d7\">\n<div class=\"wp-block-uagb-advanced-heading uagb-block-2b4e78bb fadeintop\"><h2 class=\"uagb-heading-text\">G\u00fcnstige Autovermietung in Malaga<\/h2><div class=\"uagb-separator\"><\/div><\/div>\n\n\n\n<p>Bei der Vorbereitung einer Reise gibt es viele Dinge zu bedenken, aber der Transport ist einer der wichtigsten Faktoren.<\/p>\n\n\n\n<p>Obwohl Sie immer die M\u00f6glichkeit haben, \u00f6ffentliche Verkehrsmittel zu nutzen, h\u00e4ngt es oft von den Fahrpl\u00e4nen und den Standorten der Haltestellen ab (die nicht immer in der N\u00e4he unseres Ziels liegen). Die Option eines Taxis bringt uns genau an den gew\u00fcnschten Ort\u2026 aber es ist ziemlich teuer.<\/p>\n\n\n\n<p>Um Geld zu sparen und Ihr gew\u00fcnschtes Ziel zu erreichen, k\u00f6nnen Sie sich f\u00fcr unseren Service der g\u00fcnstigen Autovermietung entscheiden.<\/p>\n\n\n\n<p>Bei Yellow Car bieten wir Ihnen die M\u00f6glichkeit, wirtschaftliche Autos zu mieten, wie den Fiat 500, den Opel Corsa, den Panda und viele andere.<\/p>\n\n\n\n<figure class=\"wp-block-image size-full\"><img loading=\"lazy\" decoding=\"async\" width=\"1220\" height=\"335\" src=\"https:\/\/www.yellowcar.com\/wp-content\/uploads\/2023\/04\/yc_Cabecera.jpg\" alt=\"\" class=\"wp-image-3576\" style=\"object-fit:cover\"\/><\/figure>\n<\/div>\n\n\n\n<div class=\"wp-block-uagb-container uagb-block-a799a82a\">\n<div class=\"wp-block-group list-modal has-white-color has-secondary-background-color has-text-color has-background is-layout-constrained wp-block-group-is-layout-constrained\" style=\"border-radius:20px\">\n<div class=\"wp-block-uagb-advanced-heading uagb-block-12fa2b45\"><h2 class=\"uagb-heading-text\">Das macht uns einzigartig in der Yellow Leihwagen M\u00e1laga Autovermietung.<\/h2><\/div>\n\n\n\n<div class=\"wp-block-group is-nowrap is-layout-flex wp-container-core-group-is-layout-6c531013 wp-block-group-is-layout-flex\">      \n\t\t\t<div class=\"uagb-icon-wrapper uagb-block-b25d4237      \"\n\t\t\tstyle=\"\" >\n\t\t\t\t\t\t\t\t\t<span class=\"uagb-svg-wrapper\" \n\t\t\t\t\t aria-label=\"angle-right\"\t\t\t\t\ttabindex=\"0\">\t\t\n\t\t\t\t\t\t\t\t\t\t<svg xmlns=\"https:\/\/www.w3.org\/2000\/svg\" viewBox= \"0 0 256 512\" role=\"graphics-symbol\" aria-hidden=\"false\" aria-label=\"\"><path d=\"M64 448c-8.188 0-16.38-3.125-22.62-9.375c-12.5-12.5-12.5-32.75 0-45.25L178.8 256L41.38 118.6c-12.5-12.5-12.5-32.75 0-45.25s32.75-12.5 45.25 0l160 160c12.5 12.5 12.5 32.75 0 45.25l-160 160C80.38 444.9 72.19 448 64 448z\"><\/path><\/svg>\n\t\t\t\t\t\t\t\t\t<\/span>\n\t\t\t\t\t\t\t<\/div>\n\t\t\t\n\n\n<p><strong>Preise M\u00e1laga flughafen Autovermietung OHNE versteckte Kosten.<\/strong><\/p>\n\n\n\n<div class=\"wp-block-uagb-modal uagb-block-2c022979 uagb-modal-wrapper\" data-escpress=\"enable\" data-overlayclick=\"enable\"><div class=\"uagb-modal-trigger\"><svg xmlns=\"https:\/\/www.w3.org\/2000\/svg\" viewBox=\"0 0 448 512\"><path d=\"M438.6 278.6l-160 160C272.4 444.9 264.2 448 256 448s-16.38-3.125-22.62-9.375c-12.5-12.5-12.5-32.75 0-45.25L338.8 288H32C14.33 288 .0016 273.7 .0016 256S14.33 224 32 224h306.8l-105.4-105.4c-12.5-12.5-12.5-32.75 0-45.25s32.75-12.5 45.25 0l160 160C451.1 245.9 451.1 266.1 438.6 278.6z\"><\/path><\/svg><\/div><div class=\"uagb-effect-default uagb-modal-popup uagb-block-2c022979\"><div class=\"uagb-modal-popup-wrap\"><div class=\"uagb-modal-popup-content\">\n<div class=\"wp-block-uagb-advanced-heading uagb-block-863320fa\"><h2 class=\"uagb-heading-text\">Transparente Preise ohne versteckte Kosten<\/h2><\/div>\n\n\n\n<hr class=\"wp-block-separator has-text-color has-secondary-color has-alpha-channel-opacity has-secondary-background-color has-background\"\/>\n\n\n\n<p>Im Internet werden oftmals \u00fcberraschend niedrige Mietwagenpreise angeboten, die w\u00e4hrend des Buchungsvorgangs und bei \u00dcbergabe erh\u00f6ht werden.<\/p>\n\n\n\n<p>Zu den h\u00e4ufigsten Zusatzkosten z\u00e4hlen:<\/p>\n\n\n\n<ul class=\"wp-block-list\">\n<li>Zus\u00e4tzliche Versicherungen, die bei der Buchung nicht erw\u00e4hnt werden<\/li>\n\n\n\n<li>\u201eVollkaskoversicherung ohne Selbstbeteiligung\u201d, die sich als Teilkasko herausstellt<\/li>\n\n\n\n<li>Belastung Ihrer Kreditkarte mit hohen Betr\u00e4gen zur Deckung eventueller<em>&nbsp;S<\/em>ch\u00e4den am Mietfahrzeug bei Teilkasko oder einfacher Haftpflicht<\/li>\n\n\n\n<li>Kraftstoff-Politik (Tankf\u00fcllung)<\/li>\n<\/ul>\n\n\n\n<p>Beispiel: Das Fahrzeug wird mit voller Tankf\u00fcllung \u00fcbergeben und berechnet. Der Kunde muss das Fahrzeug mit leerem Tank zur\u00fcckgeben. Im Tank befindlicher Kraftstoff bei R\u00fcckgabe des Autos wird nicht r\u00fcckerstattet<\/p>\n\n\n\n<ul class=\"wp-block-list\">\n<li>Geb\u00fchren zur Verwaltung von Bu\u00dfgeldern (Strafzetteln)<\/li>\n<\/ul>\n\n\n\n<p>Bei Yellow Car erhalten Sie den Gesamtpreis Ihres Mietwagens von Beginn an ohne versteckte Kosten!<\/p>\n<\/div><div class=\"uagb-modal-popup-close\"><svg xmlns=\"https:\/\/www.w3.org\/2000\/svg\" viewBox=\"0 0 320 512\"><path d=\"M310.6 361.4c12.5 12.5 12.5 32.75 0 45.25C304.4 412.9 296.2 416 288 416s-16.38-3.125-22.62-9.375L160 301.3L54.63 406.6C48.38 412.9 40.19 416 32 416S15.63 412.9 9.375 406.6c-12.5-12.5-12.5-32.75 0-45.25l105.4-105.4L9.375 150.6c-12.5-12.5-12.5-32.75 0-45.25s32.75-12.5 45.25 0L160 210.8l105.4-105.4c12.5-12.5 32.75-12.5 45.25 0s12.5 32.75 0 45.25l-105.4 105.4L310.6 361.4z\"><\/path><\/svg><\/div><\/div><\/div><\/div>\n<\/div>\n\n\n\n<div class=\"wp-block-group is-nowrap is-layout-flex wp-container-core-group-is-layout-6c531013 wp-block-group-is-layout-flex\">      \n\t\t\t<div class=\"uagb-icon-wrapper uagb-block-389fccf5      \"\n\t\t\tstyle=\"\" >\n\t\t\t\t\t\t\t\t\t<span class=\"uagb-svg-wrapper\" \n\t\t\t\t\t aria-label=\"angle-right\"\t\t\t\t\ttabindex=\"0\">\t\t\n\t\t\t\t\t\t\t\t\t\t<svg xmlns=\"https:\/\/www.w3.org\/2000\/svg\" viewBox= \"0 0 256 512\" role=\"graphics-symbol\" aria-hidden=\"false\" aria-label=\"\"><path d=\"M64 448c-8.188 0-16.38-3.125-22.62-9.375c-12.5-12.5-12.5-32.75 0-45.25L178.8 256L41.38 118.6c-12.5-12.5-12.5-32.75 0-45.25s32.75-12.5 45.25 0l160 160c12.5 12.5 12.5 32.75 0 45.25l-160 160C80.38 444.9 72.19 448 64 448z\"><\/path><\/svg>\n\t\t\t\t\t\t\t\t\t<\/span>\n\t\t\t\t\t\t\t<\/div>\n\t\t\t\n\n\n<p>Mietwagen flughafen M\u00e1laga mit Versicherung bei allen Risiken real und ohne Selbstbeteiligung.<\/p>\n\n\n\n<div class=\"wp-block-uagb-modal uagb-block-fed74327 uagb-modal-wrapper\" data-escpress=\"enable\" data-overlayclick=\"enable\"><div class=\"uagb-modal-trigger\"><svg xmlns=\"https:\/\/www.w3.org\/2000\/svg\" viewBox=\"0 0 448 512\"><path d=\"M438.6 278.6l-160 160C272.4 444.9 264.2 448 256 448s-16.38-3.125-22.62-9.375c-12.5-12.5-12.5-32.75 0-45.25L338.8 288H32C14.33 288 .0016 273.7 .0016 256S14.33 224 32 224h306.8l-105.4-105.4c-12.5-12.5-12.5-32.75 0-45.25s32.75-12.5 45.25 0l160 160C451.1 245.9 451.1 266.1 438.6 278.6z\"><\/path><\/svg><\/div><div class=\"uagb-effect-default uagb-modal-popup uagb-block-fed74327\"><div class=\"uagb-modal-popup-wrap\"><div class=\"uagb-modal-popup-content\">\n<div class=\"wp-block-uagb-advanced-heading uagb-block-5e93b328\"><h2 class=\"uagb-heading-text\">Wir bieten eine Vollversicherung ohne Selbstbeteiligung<\/h2><\/div>\n\n\n\n<hr class=\"wp-block-separator has-text-color has-secondary-color has-alpha-channel-opacity has-secondary-background-color has-background\"\/>\n\n\n\n<p>Im Internet werden gerne niedrige Mietwagenpreise angeboten, die jedoch im Laufe des Buchungsvorgangs und anschlie\u00dfend noch einmal bei \u00dcbergabe steigen.<\/p>\n\n\n\n<p>Die Kunden bekommen eine Vielzahl an Versicherungsoptionen angeboten,&nbsp;wobei&nbsp;es sich oftmals um eine Versicherung mit Selbstbehalt handelt.<\/p>\n\n\n\n<p>Anl\u00e4\u00dflich der Selbstbeteiligung wird dem Kunden bei Sch\u00e4den oder Diebstahl des Fahrzeugs der Betrag der Selbstbeteiligung abgebucht. \u00dcblicherweise wird Ihre Kreditkarte im Voraus mit diesen Betrag (Kaution) belastet.<\/p>\n\n\n\n<p>Sollten Sie bei anderen Anbietern keine Vollkaskoversicherung abschlie\u00dfen, empfehlen wir, das Mietauto bei \u00dcbergabe gr\u00fcndlich auf vorhandene Sch\u00e4den zu \u00fcberpr\u00fcfen und sicherzustellen, dass diese im Mietvertrag aufgef\u00fchrt sind.<\/p>\n\n\n\n<p>Bei R\u00fcckgabe empfehlen wir Fotos von dem Fahrzeug zu machen, um ggf. bei auftretenden Forderungen abgesichert zu sein.<\/p>\n\n\n\n<p>Bei Abschluss des h\u00f6chsten Versicherungsschutz mit anderen Anbietern, raten wir zur \u00dcberpr\u00fcfung folgender Leistungen:<\/p>\n\n\n\n<ul class=\"wp-block-list\">\n<li>Sch\u00e4den an Reifen und am Farhzeugunterboden<\/li>\n\n\n\n<li>Besch\u00e4digung der Scheiben<\/li>\n\n\n\n<li>Besch\u00e4digung oder Verlust der Schl\u00fcssel<\/li>\n\n\n\n<li>Abschleppdienst<\/li>\n\n\n\n<li>Ersatzfahrzeug bei Panne oder Unfall<\/li>\n\n\n\n<li>24-Stunden-Taxiservice zum Hotel\/zur Ferienwohnung im Falle einer Panne oder eines Unfalls<\/li>\n<\/ul>\n\n\n\n<p>Yellow Car bietet Ihnen nur einen kompletten Versicherungsschutz an! Unsere Vollkaskoversicherung ist ohne Selbstbeteiligung und ben\u00f6tigt keine Belastung Ihrer Kreditkarte. Der Wagen braucht nicht auf m\u00f6gliche Sch\u00e4den hin \u00fcberpr\u00fcft zu werden, weder bei \u00dcber- noch bei R\u00fcckgabe.<\/p>\n\n\n\n<p><strong>Alle o. g. Leistungen wie Reifenpannen, Scheibenbruch, Diebstahl, usw. sind im Preis inklusive.<\/strong><\/p>\n<\/div><div class=\"uagb-modal-popup-close\"><svg xmlns=\"https:\/\/www.w3.org\/2000\/svg\" viewBox=\"0 0 320 512\"><path d=\"M310.6 361.4c12.5 12.5 12.5 32.75 0 45.25C304.4 412.9 296.2 416 288 416s-16.38-3.125-22.62-9.375L160 301.3L54.63 406.6C48.38 412.9 40.19 416 32 416S15.63 412.9 9.375 406.6c-12.5-12.5-12.5-32.75 0-45.25l105.4-105.4L9.375 150.6c-12.5-12.5-12.5-32.75 0-45.25s32.75-12.5 45.25 0L160 210.8l105.4-105.4c12.5-12.5 32.75-12.5 45.25 0s12.5 32.75 0 45.25l-105.4 105.4L310.6 361.4z\"><\/path><\/svg><\/div><\/div><\/div><\/div>\n<\/div>\n\n\n\n<div class=\"wp-block-group is-nowrap is-layout-flex wp-container-core-group-is-layout-6c531013 wp-block-group-is-layout-flex\">      \n\t\t\t<div class=\"uagb-icon-wrapper uagb-block-5529374e      \"\n\t\t\tstyle=\"\" >\n\t\t\t\t\t\t\t\t\t<span class=\"uagb-svg-wrapper\" \n\t\t\t\t\t aria-label=\"angle-right\"\t\t\t\t\ttabindex=\"0\">\t\t\n\t\t\t\t\t\t\t\t\t\t<svg xmlns=\"https:\/\/www.w3.org\/2000\/svg\" viewBox= \"0 0 256 512\" role=\"graphics-symbol\" aria-hidden=\"false\" aria-label=\"\"><path d=\"M64 448c-8.188 0-16.38-3.125-22.62-9.375c-12.5-12.5-12.5-32.75 0-45.25L178.8 256L41.38 118.6c-12.5-12.5-12.5-32.75 0-45.25s32.75-12.5 45.25 0l160 160c12.5 12.5 12.5 32.75 0 45.25l-160 160C80.38 444.9 72.19 448 64 448z\"><\/path><\/svg>\n\t\t\t\t\t\t\t\t\t<\/span>\n\t\t\t\t\t\t\t<\/div>\n\t\t\t\n\n\n<p>Schneller Mietwagen-Service am Flughafen Malaga, keine Transfers, keine Warteschlangen oder Wartezeiten.<\/p>\n\n\n\n<div class=\"wp-block-uagb-modal uagb-block-4fa23bda uagb-modal-wrapper\" data-escpress=\"enable\" data-overlayclick=\"enable\"><div class=\"uagb-modal-trigger\"><svg xmlns=\"https:\/\/www.w3.org\/2000\/svg\" viewBox=\"0 0 448 512\"><path d=\"M438.6 278.6l-160 160C272.4 444.9 264.2 448 256 448s-16.38-3.125-22.62-9.375c-12.5-12.5-12.5-32.75 0-45.25L338.8 288H32C14.33 288 .0016 273.7 .0016 256S14.33 224 32 224h306.8l-105.4-105.4c-12.5-12.5-12.5-32.75 0-45.25s32.75-12.5 45.25 0l160 160C451.1 245.9 451.1 266.1 438.6 278.6z\"><\/path><\/svg><\/div><div class=\"uagb-effect-default uagb-modal-popup uagb-block-4fa23bda\"><div class=\"uagb-modal-popup-wrap\"><div class=\"uagb-modal-popup-content\">\n<div class=\"wp-block-uagb-advanced-heading uagb-block-4ccc00df\"><h2 class=\"uagb-heading-text\">Wir bieten die schnellste Abwicklung am Flughafen M\u00e1laga an ohne Shuttelservice oder Warteschlangen<\/h2><\/div>\n\n\n\n<hr class=\"wp-block-separator has-text-color has-secondary-color has-alpha-channel-opacity has-secondary-background-color has-background\"\/>\n\n\n\n<p>Der Ablauf bei den meisten Vermietern am Flughafen M\u00e1laga ist gew\u00f6hnlicherweise wie in Punkt 1. oder 2. aufgef\u00fchrt:<\/p>\n\n\n\n<ol class=\"wp-block-list\">\n<li>Der Kunde muss am Flughafen zum Schalter des Unternehmens gehen. Je nach Saison und Unternehmen, ist mit einer hohen Wartezeit zu rechnen. Nach Abschluss des Mietvertrages, muss sich der Kunde zum Parkplatz des Mietunternehmens begeben und dort den Wagen abholen.<\/li>\n\n\n\n<li>Der Kunde wird von einer Person in der Ankunftshalle erwartet und zu einem Sammelauto geschickt, das Sie ins B\u00fcro des Anbieters au\u00dferhalb des Flughafenterminals bef\u00f6rdert. Meistens muss der Kunde auf die Ankunft anderer G\u00e4ste warten.<\/li>\n<\/ol>\n\n\n\n<p>Nach Abschluss des Vertrages wird das Fahrzeug entweder direkt \u00fcbergeben oder Sie m\u00fcssen es auf dem Parkplatz abholen.<\/p>\n\n\n\n<p>Bei Yellow Car erwartet Sie in der Ankunftshalle des Flughafens ein Mitarbeiter. Der Mietvertrag wird direkt vor Ort fertiggestellt (bei vorheriger Angabe Ihrer Daten bringen wir den fertigen Vertrag gleich mit).<\/p>\n\n\n\n<p>Unser Mitarbeiter hilft Ihnen gerne mit Gep\u00e4ck von der Ankunftshalle bis zum gegen\u00fcberliedenden Parkplatz, wo ein anderer Mitarbeiter bereits mit Ihrem Auto wartet.<\/p>\n\n\n\n<p><strong>Bei Yellow Car m\u00fcssen Sie sich nicht stundenlang am Schalter der Autovermietungsagentur anstellen oder lange Bustransfers dulden.<\/strong><\/p>\n<\/div><div class=\"uagb-modal-popup-close\"><svg xmlns=\"https:\/\/www.w3.org\/2000\/svg\" viewBox=\"0 0 320 512\"><path d=\"M310.6 361.4c12.5 12.5 12.5 32.75 0 45.25C304.4 412.9 296.2 416 288 416s-16.38-3.125-22.62-9.375L160 301.3L54.63 406.6C48.38 412.9 40.19 416 32 416S15.63 412.9 9.375 406.6c-12.5-12.5-12.5-32.75 0-45.25l105.4-105.4L9.375 150.6c-12.5-12.5-12.5-32.75 0-45.25s32.75-12.5 45.25 0L160 210.8l105.4-105.4c12.5-12.5 32.75-12.5 45.25 0s12.5 32.75 0 45.25l-105.4 105.4L310.6 361.4z\"><\/path><\/svg><\/div><\/div><\/div><\/div>\n<\/div>\n\n\n\n<div class=\"wp-block-group is-nowrap is-layout-flex wp-container-core-group-is-layout-6c531013 wp-block-group-is-layout-flex\">      \n\t\t\t<div class=\"uagb-icon-wrapper uagb-block-205eb563      \"\n\t\t\tstyle=\"\" >\n\t\t\t\t\t\t\t\t\t<span class=\"uagb-svg-wrapper\" \n\t\t\t\t\t aria-label=\"angle-right\"\t\t\t\t\ttabindex=\"0\">\t\t\n\t\t\t\t\t\t\t\t\t\t<svg xmlns=\"https:\/\/www.w3.org\/2000\/svg\" viewBox= \"0 0 256 512\" role=\"graphics-symbol\" aria-hidden=\"false\" aria-label=\"\"><path d=\"M64 448c-8.188 0-16.38-3.125-22.62-9.375c-12.5-12.5-12.5-32.75 0-45.25L178.8 256L41.38 118.6c-12.5-12.5-12.5-32.75 0-45.25s32.75-12.5 45.25 0l160 160c12.5 12.5 12.5 32.75 0 45.25l-160 160C80.38 444.9 72.19 448 64 448z\"><\/path><\/svg>\n\t\t\t\t\t\t\t\t\t<\/span>\n\t\t\t\t\t\t\t<\/div>\n\t\t\t\n\n\n<p><strong>Klare Kraftstoffpolitik<\/strong>. Volle Lieferung \u2013&gt; Volle Abholung.<\/p>\n\n\n\n<div class=\"wp-block-uagb-modal uagb-block-fb4799ee uagb-modal-wrapper\" data-escpress=\"enable\" data-overlayclick=\"enable\"><div class=\"uagb-modal-trigger\"><svg xmlns=\"https:\/\/www.w3.org\/2000\/svg\" viewBox=\"0 0 448 512\"><path d=\"M438.6 278.6l-160 160C272.4 444.9 264.2 448 256 448s-16.38-3.125-22.62-9.375c-12.5-12.5-12.5-32.75 0-45.25L338.8 288H32C14.33 288 .0016 273.7 .0016 256S14.33 224 32 224h306.8l-105.4-105.4c-12.5-12.5-12.5-32.75 0-45.25s32.75-12.5 45.25 0l160 160C451.1 245.9 451.1 266.1 438.6 278.6z\"><\/path><\/svg><\/div><div class=\"uagb-effect-default uagb-modal-popup uagb-block-fb4799ee\"><div class=\"uagb-modal-popup-wrap\"><div class=\"uagb-modal-popup-content\">\n<div class=\"wp-block-uagb-advanced-heading uagb-block-9cce9595\"><h2 class=\"uagb-heading-text\">Klare Kraftstoffpolitik. Voller Tank bei \u00dcbergabe &#8211;&gt; Voller Tank bei Abgabe<\/h2><\/div>\n\n\n\n<hr class=\"wp-block-separator has-text-color has-secondary-color has-alpha-channel-opacity has-secondary-background-color has-background\"\/>\n\n\n\n<p>Andere Unternehmen \u00fcbergeben den Mietwagen mit vollem Tank.Bei sehr g\u00fcnstigen Mietpreisen, mu\u00df meistens der volle Tank zus\u00e4tzlich bezahlt werden und das Fahrzeug mit leeren Tank zur\u00fcck gegeben werden.<\/p>\n\n\n\n<p>Diese Vorgangsart f\u00fchrt zu zus\u00e4tzliche Kosten f\u00fcr den Kunden da der Wagen keineswegs mit komplett leerem Tank zur\u00fcckgefahren werden kann. Der berechnete Benzinpreis ist oftmals h\u00f6her als der Marktpreis.<\/p>\n\n\n\n<p><strong>Bei Yellow Car \u00fcbergeben wir alle Fahrzeuge mit vollem Tank und bitten den Wagen im selben Zustand zur\u00fcckzugeben. Sie zahlen keine zus\u00e4tzlichen Kraftstoffgeb\u00fchren. &nbsp;<\/strong><\/p>\n<\/div><div class=\"uagb-modal-popup-close\"><svg xmlns=\"https:\/\/www.w3.org\/2000\/svg\" viewBox=\"0 0 320 512\"><path d=\"M310.6 361.4c12.5 12.5 12.5 32.75 0 45.25C304.4 412.9 296.2 416 288 416s-16.38-3.125-22.62-9.375L160 301.3L54.63 406.6C48.38 412.9 40.19 416 32 416S15.63 412.9 9.375 406.6c-12.5-12.5-12.5-32.75 0-45.25l105.4-105.4L9.375 150.6c-12.5-12.5-12.5-32.75 0-45.25s32.75-12.5 45.25 0L160 210.8l105.4-105.4c12.5-12.5 32.75-12.5 45.25 0s12.5 32.75 0 45.25l-105.4 105.4L310.6 361.4z\"><\/path><\/svg><\/div><\/div><\/div><\/div>\n<\/div>\n\n\n\n<div class=\"wp-block-group is-nowrap is-layout-flex wp-container-core-group-is-layout-6c531013 wp-block-group-is-layout-flex\">      \n\t\t\t<div class=\"uagb-icon-wrapper uagb-block-d0855049      \"\n\t\t\tstyle=\"\" >\n\t\t\t\t\t\t\t\t\t<span class=\"uagb-svg-wrapper\" \n\t\t\t\t\t aria-label=\"angle-right\"\t\t\t\t\ttabindex=\"0\">\t\t\n\t\t\t\t\t\t\t\t\t\t<svg xmlns=\"https:\/\/www.w3.org\/2000\/svg\" viewBox= \"0 0 256 512\" role=\"graphics-symbol\" aria-hidden=\"false\" aria-label=\"\"><path d=\"M64 448c-8.188 0-16.38-3.125-22.62-9.375c-12.5-12.5-12.5-32.75 0-45.25L178.8 256L41.38 118.6c-12.5-12.5-12.5-32.75 0-45.25s32.75-12.5 45.25 0l160 160c12.5 12.5 12.5 32.75 0 45.25l-160 160C80.38 444.9 72.19 448 64 448z\"><\/path><\/svg>\n\t\t\t\t\t\t\t\t\t<\/span>\n\t\t\t\t\t\t\t<\/div>\n\t\t\t\n\n\n<p><strong>Servicebereitstellung\/Abholung von Mietwagen zu Hause.<\/strong><\/p>\n\n\n\n<div class=\"wp-block-uagb-modal uagb-block-1a84f2c3 uagb-modal-wrapper\" data-escpress=\"enable\" data-overlayclick=\"enable\"><div class=\"uagb-modal-trigger\"><svg xmlns=\"https:\/\/www.w3.org\/2000\/svg\" viewBox=\"0 0 448 512\"><path d=\"M438.6 278.6l-160 160C272.4 444.9 264.2 448 256 448s-16.38-3.125-22.62-9.375c-12.5-12.5-12.5-32.75 0-45.25L338.8 288H32C14.33 288 .0016 273.7 .0016 256S14.33 224 32 224h306.8l-105.4-105.4c-12.5-12.5-12.5-32.75 0-45.25s32.75-12.5 45.25 0l160 160C451.1 245.9 451.1 266.1 438.6 278.6z\"><\/path><\/svg><\/div><div class=\"uagb-effect-default uagb-modal-popup uagb-block-1a84f2c3\"><div class=\"uagb-modal-popup-wrap\"><div class=\"uagb-modal-popup-content\">\n<div class=\"wp-block-uagb-advanced-heading uagb-block-1f464611\"><h2 class=\"uagb-heading-text\">Anmietung und R\u00fcckgabe an ihrem Aufenthaltsort an der K\u00fcste<\/h2><\/div>\n\n\n\n<hr class=\"wp-block-separator has-text-color has-secondary-color has-alpha-channel-opacity has-secondary-background-color has-background\"\/>\n\n\n\n<p>Sie finden uns in den B\u00fcros in Marbella, Cala de Mijas und am Flughafen von M\u00e1laga.<\/p>\n\n\n\n<p>Nach vorheriger Absprache k\u00f6nnen wir Ihren Mietwagen zu Ihrem Hotel oder Ferienhaus fahren und dort abholen.<\/p>\n\n\n\n<p>Wir fahren jeden Punkt an der Costa del Sol zwischen dem Flughafen M\u00e1laga und Estepona an.<\/p>\n\n\n\n<p>Dies gilt ebenfalls bei Pannen oder Unfall, sollte ein Fahrzeugwechsel empfohlen sein.<\/p>\n<\/div><div class=\"uagb-modal-popup-close\"><svg xmlns=\"https:\/\/www.w3.org\/2000\/svg\" viewBox=\"0 0 320 512\"><path d=\"M310.6 361.4c12.5 12.5 12.5 32.75 0 45.25C304.4 412.9 296.2 416 288 416s-16.38-3.125-22.62-9.375L160 301.3L54.63 406.6C48.38 412.9 40.19 416 32 416S15.63 412.9 9.375 406.6c-12.5-12.5-12.5-32.75 0-45.25l105.4-105.4L9.375 150.6c-12.5-12.5-12.5-32.75 0-45.25s32.75-12.5 45.25 0L160 210.8l105.4-105.4c12.5-12.5 32.75-12.5 45.25 0s12.5 32.75 0 45.25l-105.4 105.4L310.6 361.4z\"><\/path><\/svg><\/div><\/div><\/div><\/div>\n<\/div>\n\n\n\n<div class=\"wp-block-group is-nowrap is-layout-flex wp-container-core-group-is-layout-6c531013 wp-block-group-is-layout-flex\">      \n\t\t\t<div class=\"uagb-icon-wrapper uagb-block-8690a9b8      \"\n\t\t\tstyle=\"\" >\n\t\t\t\t\t\t\t\t\t<span class=\"uagb-svg-wrapper\" \n\t\t\t\t\t aria-label=\"angle-right\"\t\t\t\t\ttabindex=\"0\">\t\t\n\t\t\t\t\t\t\t\t\t\t<svg xmlns=\"https:\/\/www.w3.org\/2000\/svg\" viewBox= \"0 0 256 512\" role=\"graphics-symbol\" aria-hidden=\"false\" aria-label=\"\"><path d=\"M64 448c-8.188 0-16.38-3.125-22.62-9.375c-12.5-12.5-12.5-32.75 0-45.25L178.8 256L41.38 118.6c-12.5-12.5-12.5-32.75 0-45.25s32.75-12.5 45.25 0l160 160c12.5 12.5 12.5 32.75 0 45.25l-160 160C80.38 444.9 72.19 448 64 448z\"><\/path><\/svg>\n\t\t\t\t\t\t\t\t\t<\/span>\n\t\t\t\t\t\t\t<\/div>\n\t\t\t\n\n\n<p><strong>Mehr als 400 eigene Fahrzeuge leihwagen&nbsp;M\u00e1laga<\/strong>: wirtschaftlich, automatisch, Mietwagen, Luxusautos, Cabriofahrzeuge, etc\u2026..<\/p>\n\n\n\n<div class=\"wp-block-uagb-modal uagb-block-e5788fb5 uagb-modal-wrapper\" data-escpress=\"enable\" data-overlayclick=\"enable\"><div class=\"uagb-modal-trigger\"><svg xmlns=\"https:\/\/www.w3.org\/2000\/svg\" viewBox=\"0 0 448 512\"><path d=\"M438.6 278.6l-160 160C272.4 444.9 264.2 448 256 448s-16.38-3.125-22.62-9.375c-12.5-12.5-12.5-32.75 0-45.25L338.8 288H32C14.33 288 .0016 273.7 .0016 256S14.33 224 32 224h306.8l-105.4-105.4c-12.5-12.5-12.5-32.75 0-45.25s32.75-12.5 45.25 0l160 160C451.1 245.9 451.1 266.1 438.6 278.6z\"><\/path><\/svg><\/div><div class=\"uagb-effect-default uagb-modal-popup uagb-block-e5788fb5\"><div class=\"uagb-modal-popup-wrap\"><div class=\"uagb-modal-popup-content\">\n<div class=\"wp-block-uagb-advanced-heading uagb-block-41e7b345\"><h2 class=\"uagb-heading-text\">Eigene Flotte mit mehr als 400 Fahrzeugen: Kleinwagen, Automatik, Minibusse, Luxusfahrzeuge, Cabriolets usw<\/h2><\/div>\n\n\n\n<hr class=\"wp-block-separator has-text-color has-secondary-color has-alpha-channel-opacity has-secondary-background-color has-background\"\/>\n\n\n\n<p>Wir verf\u00fcgen \u00fcber eine Flotte von mehr als 400 Fahrzeugen<\/p>\n\n\n\n<p>Unsere Flotte umfasst:<\/p>\n\n\n\n<p>-Kleinwagen und Kompaktfahrzeuge, wie z.B. Fiat Panda oder Opel Corsa<\/p>\n\n\n\n<p>-Kleinbusse\/Familienvans mit 7 und 9 Sitzen f\u00fcr die Bef\u00f6rderung von Passagieren oder mit mehr Platz f\u00fcr Ihr Gep\u00e4ck<\/p>\n\n\n\n<p>\u2013 Familienfahrzeuge<\/p>\n\n\n\n<p>\u2013 S.U.V<\/p>\n\n\n\n<p>\u2013 Oberklasse Fahrzeuge wie Audi A4, Audi Q5 und Mini<\/p>\n\n\n\n<p>\u2013 Cabrios in verschiedenen Gr\u00f6\u00dfen<\/p>\n\n\n\n<p>S\u00e4mtliche Fahrzeugtypen bieten wir ebenfalls mit Automatikgetriebe an<\/p>\n\n\n\n<p><strong>Unsere Autos sind nicht mit Aufklebern oder Werbung versehen,<\/strong>&nbsp;die sie als Mietfahrzeuge kenntlich machen.<\/p>\n<\/div><div class=\"uagb-modal-popup-close\"><svg xmlns=\"https:\/\/www.w3.org\/2000\/svg\" viewBox=\"0 0 320 512\"><path d=\"M310.6 361.4c12.5 12.5 12.5 32.75 0 45.25C304.4 412.9 296.2 416 288 416s-16.38-3.125-22.62-9.375L160 301.3L54.63 406.6C48.38 412.9 40.19 416 32 416S15.63 412.9 9.375 406.6c-12.5-12.5-12.5-32.75 0-45.25l105.4-105.4L9.375 150.6c-12.5-12.5-12.5-32.75 0-45.25s32.75-12.5 45.25 0L160 210.8l105.4-105.4c12.5-12.5 32.75-12.5 45.25 0s12.5 32.75 0 45.25l-105.4 105.4L310.6 361.4z\"><\/path><\/svg><\/div><\/div><\/div><\/div>\n<\/div>\n\n\n\n<div class=\"wp-block-group is-nowrap is-layout-flex wp-container-core-group-is-layout-6c531013 wp-block-group-is-layout-flex\">      \n\t\t\t<div class=\"uagb-icon-wrapper uagb-block-b9516cb4      \"\n\t\t\tstyle=\"\" >\n\t\t\t\t\t\t\t\t\t<span class=\"uagb-svg-wrapper\" \n\t\t\t\t\t aria-label=\"angle-right\"\t\t\t\t\ttabindex=\"0\">\t\t\n\t\t\t\t\t\t\t\t\t\t<svg xmlns=\"https:\/\/www.w3.org\/2000\/svg\" viewBox= \"0 0 256 512\" role=\"graphics-symbol\" aria-hidden=\"false\" aria-label=\"\"><path d=\"M64 448c-8.188 0-16.38-3.125-22.62-9.375c-12.5-12.5-12.5-32.75 0-45.25L178.8 256L41.38 118.6c-12.5-12.5-12.5-32.75 0-45.25s32.75-12.5 45.25 0l160 160c12.5 12.5 12.5 32.75 0 45.25l-160 160C80.38 444.9 72.19 448 64 448z\"><\/path><\/svg>\n\t\t\t\t\t\t\t\t\t<\/span>\n\t\t\t\t\t\t\t<\/div>\n\t\t\t\n\n\n<p><strong>Autovermietung flughafen M\u00e1laga ohne Vermittler<\/strong><\/p>\n\n\n\n<div class=\"wp-block-uagb-modal uagb-block-465361b3 uagb-modal-wrapper\" data-escpress=\"enable\" data-overlayclick=\"enable\"><div class=\"uagb-modal-trigger\"><svg xmlns=\"https:\/\/www.w3.org\/2000\/svg\" viewBox=\"0 0 448 512\"><path d=\"M438.6 278.6l-160 160C272.4 444.9 264.2 448 256 448s-16.38-3.125-22.62-9.375c-12.5-12.5-12.5-32.75 0-45.25L338.8 288H32C14.33 288 .0016 273.7 .0016 256S14.33 224 32 224h306.8l-105.4-105.4c-12.5-12.5-12.5-32.75 0-45.25s32.75-12.5 45.25 0l160 160C451.1 245.9 451.1 266.1 438.6 278.6z\"><\/path><\/svg><\/div><div class=\"uagb-effect-default uagb-modal-popup uagb-block-465361b3\"><div class=\"uagb-modal-popup-wrap\"><div class=\"uagb-modal-popup-content\">\n<div class=\"wp-block-uagb-advanced-heading uagb-block-76d69bc7\"><h2 class=\"uagb-heading-text\">Wir sind keine Vermittler (Broker). Wissen Sie, bei wem Sie Ihr Auto wirklich mieten?<\/h2><\/div>\n\n\n\n<hr class=\"wp-block-separator has-text-color has-secondary-color has-alpha-channel-opacity has-secondary-background-color has-background\"\/>\n\n\n\n<p>Auf der Suche nach einem Mietwagen im Internet landen Sie oftmals auf der Webseite eines sogenannte Mietwagen-Brokers. Dieser \u00fcbernimmt ein bestimmtes Kontingent an Fahrzeugen von verschiedenen Anbietern.<\/p>\n\n\n\n<p>Bei der Buchung auf dieser Seite sind Angebote, Buchungsverfahren und Endpreis oftmals verwirrend.<\/p>\n\n\n\n<p>H\u00e4ufig bieten Broker einen externen Versicherungsschutz an, der mit der Agentur selbst nichts zu tun hat und bei Unfall zu Komplikationen f\u00fchren kann.<\/p>\n<\/div><div class=\"uagb-modal-popup-close\"><svg xmlns=\"https:\/\/www.w3.org\/2000\/svg\" viewBox=\"0 0 320 512\"><path d=\"M310.6 361.4c12.5 12.5 12.5 32.75 0 45.25C304.4 412.9 296.2 416 288 416s-16.38-3.125-22.62-9.375L160 301.3L54.63 406.6C48.38 412.9 40.19 416 32 416S15.63 412.9 9.375 406.6c-12.5-12.5-12.5-32.75 0-45.25l105.4-105.4L9.375 150.6c-12.5-12.5-12.5-32.75 0-45.25s32.75-12.5 45.25 0L160 210.8l105.4-105.4c12.5-12.5 32.75-12.5 45.25 0s12.5 32.75 0 45.25l-105.4 105.4L310.6 361.4z\"><\/path><\/svg><\/div><\/div><\/div><\/div>\n<\/div>\n\n\n\n<div class=\"wp-block-group is-nowrap is-layout-flex wp-container-core-group-is-layout-6c531013 wp-block-group-is-layout-flex\">      \n\t\t\t<div class=\"uagb-icon-wrapper uagb-block-0e9b7a51      \"\n\t\t\tstyle=\"\" >\n\t\t\t\t\t\t\t\t\t<span class=\"uagb-svg-wrapper\" \n\t\t\t\t\t aria-label=\"angle-right\"\t\t\t\t\ttabindex=\"0\">\t\t\n\t\t\t\t\t\t\t\t\t\t<svg xmlns=\"https:\/\/www.w3.org\/2000\/svg\" viewBox= \"0 0 256 512\" role=\"graphics-symbol\" aria-hidden=\"false\" aria-label=\"\"><path d=\"M64 448c-8.188 0-16.38-3.125-22.62-9.375c-12.5-12.5-12.5-32.75 0-45.25L178.8 256L41.38 118.6c-12.5-12.5-12.5-32.75 0-45.25s32.75-12.5 45.25 0l160 160c12.5 12.5 12.5 32.75 0 45.25l-160 160C80.38 444.9 72.19 448 64 448z\"><\/path><\/svg>\n\t\t\t\t\t\t\t\t\t<\/span>\n\t\t\t\t\t\t\t<\/div>\n\t\t\t\n\n\n<p>Professionelles und stabiles Personal, das eine <strong>personalisierte Behandlung anbietet.<\/strong><\/p>\n\n\n\n<div class=\"wp-block-uagb-modal uagb-block-f375de4d uagb-modal-wrapper\" data-escpress=\"enable\" data-overlayclick=\"enable\"><div class=\"uagb-modal-trigger\"><svg xmlns=\"https:\/\/www.w3.org\/2000\/svg\" viewBox=\"0 0 448 512\"><path d=\"M438.6 278.6l-160 160C272.4 444.9 264.2 448 256 448s-16.38-3.125-22.62-9.375c-12.5-12.5-12.5-32.75 0-45.25L338.8 288H32C14.33 288 .0016 273.7 .0016 256S14.33 224 32 224h306.8l-105.4-105.4c-12.5-12.5-12.5-32.75 0-45.25s32.75-12.5 45.25 0l160 160C451.1 245.9 451.1 266.1 438.6 278.6z\"><\/path><\/svg><\/div><div class=\"uagb-effect-default uagb-modal-popup uagb-block-f375de4d\"><div class=\"uagb-modal-popup-wrap\"><div class=\"uagb-modal-popup-content\">\n<div class=\"wp-block-uagb-advanced-heading uagb-block-e70183a3\"><h2 class=\"uagb-heading-text\">Wir sind keine Vermittler (Broker). Wissen Sie, bei wem Sie Ihr Auto wirklich mieten?<\/h2><\/div>\n\n\n\n<hr class=\"wp-block-separator has-text-color has-secondary-color has-alpha-channel-opacity has-secondary-background-color has-background\"\/>\n\n\n\n<p>Auf der Suche nach einem Mietwagen im Internet landen Sie oftmals auf der Webseite eines sogenannte Mietwagen-Brokers. Dieser \u00fcbernimmt ein bestimmtes Kontingent an Fahrzeugen von verschiedenen Anbietern.<\/p>\n\n\n\n<p>Bei der Buchung auf dieser Seite sind Angebote, Buchungsverfahren und Endpreis oftmals verwirrend.<\/p>\n\n\n\n<p>H\u00e4ufig bieten Broker einen externen Versicherungsschutz an, der mit der Agentur selbst nichts zu tun hat und bei Unfall zu Komplikationen f\u00fchren kann.<\/p>\n<\/div><div class=\"uagb-modal-popup-close\"><svg xmlns=\"https:\/\/www.w3.org\/2000\/svg\" viewBox=\"0 0 320 512\"><path d=\"M310.6 361.4c12.5 12.5 12.5 32.75 0 45.25C304.4 412.9 296.2 416 288 416s-16.38-3.125-22.62-9.375L160 301.3L54.63 406.6C48.38 412.9 40.19 416 32 416S15.63 412.9 9.375 406.6c-12.5-12.5-12.5-32.75 0-45.25l105.4-105.4L9.375 150.6c-12.5-12.5-12.5-32.75 0-45.25s32.75-12.5 45.25 0L160 210.8l105.4-105.4c12.5-12.5 32.75-12.5 45.25 0s12.5 32.75 0 45.25l-105.4 105.4L310.6 361.4z\"><\/path><\/svg><\/div><\/div><\/div><\/div>\n<\/div>\n\n\n\n<div class=\"wp-block-group is-nowrap is-layout-flex wp-container-core-group-is-layout-6c531013 wp-block-group-is-layout-flex\">      \n\t\t\t<div class=\"uagb-icon-wrapper uagb-block-33c33b22      \"\n\t\t\tstyle=\"\" >\n\t\t\t\t\t\t\t\t\t<span class=\"uagb-svg-wrapper\" \n\t\t\t\t\t aria-label=\"angle-right\"\t\t\t\t\ttabindex=\"0\">\t\t\n\t\t\t\t\t\t\t\t\t\t<svg xmlns=\"https:\/\/www.w3.org\/2000\/svg\" viewBox= \"0 0 256 512\" role=\"graphics-symbol\" aria-hidden=\"false\" aria-label=\"\"><path d=\"M64 448c-8.188 0-16.38-3.125-22.62-9.375c-12.5-12.5-12.5-32.75 0-45.25L178.8 256L41.38 118.6c-12.5-12.5-12.5-32.75 0-45.25s32.75-12.5 45.25 0l160 160c12.5 12.5 12.5 32.75 0 45.25l-160 160C80.38 444.9 72.19 448 64 448z\"><\/path><\/svg>\n\t\t\t\t\t\t\t\t\t<\/span>\n\t\t\t\t\t\t\t<\/div>\n\t\t\t\n\n\n<p>Wir haben <strong>365 Tage im Jahr<\/strong> ge\u00f6ffnet.<\/p>\n\n\n\n<div class=\"wp-block-uagb-modal uagb-block-d12f21a0 uagb-modal-wrapper\" data-escpress=\"enable\" data-overlayclick=\"enable\"><div class=\"uagb-modal-trigger\"><svg xmlns=\"https:\/\/www.w3.org\/2000\/svg\" viewBox=\"0 0 448 512\"><path d=\"M438.6 278.6l-160 160C272.4 444.9 264.2 448 256 448s-16.38-3.125-22.62-9.375c-12.5-12.5-12.5-32.75 0-45.25L338.8 288H32C14.33 288 .0016 273.7 .0016 256S14.33 224 32 224h306.8l-105.4-105.4c-12.5-12.5-12.5-32.75 0-45.25s32.75-12.5 45.25 0l160 160C451.1 245.9 451.1 266.1 438.6 278.6z\"><\/path><\/svg><\/div><div class=\"uagb-effect-default uagb-modal-popup uagb-block-d12f21a0\"><div class=\"uagb-modal-popup-wrap\"><div class=\"uagb-modal-popup-content\">\n<div class=\"wp-block-uagb-advanced-heading uagb-block-432e77f3\"><h2 class=\"uagb-heading-text\">Fahrzeuge ohne Aufkleber oder Werbung. Fahren Sie keine Werbung auf R\u00e4dern.<\/h2><\/div>\n\n\n\n<hr class=\"wp-block-separator has-text-color has-secondary-color has-alpha-channel-opacity has-secondary-background-color has-background\"\/>\n\n\n\n<p>Obwohl Spanien ein sicheres Land ist, werden Touristen oftmals Opfer eines Diebstahls oder Raubes.<\/p>\n\n\n\n<p>Demzufolge verzichten wir auf Aufklebern und Werbung an unseren Fahrzeugen, die Verbrecher aufmerksam machen k\u00f6nnten.<\/p>\n\n\n\n<p>Fahren Sie keine Werbung auf R\u00e4dern.<\/p>\n<\/div><div class=\"uagb-modal-popup-close\"><svg xmlns=\"https:\/\/www.w3.org\/2000\/svg\" viewBox=\"0 0 320 512\"><path d=\"M310.6 361.4c12.5 12.5 12.5 32.75 0 45.25C304.4 412.9 296.2 416 288 416s-16.38-3.125-22.62-9.375L160 301.3L54.63 406.6C48.38 412.9 40.19 416 32 416S15.63 412.9 9.375 406.6c-12.5-12.5-12.5-32.75 0-45.25l105.4-105.4L9.375 150.6c-12.5-12.5-12.5-32.75 0-45.25s32.75-12.5 45.25 0L160 210.8l105.4-105.4c12.5-12.5 32.75-12.5 45.25 0s12.5 32.75 0 45.25l-105.4 105.4L310.6 361.4z\"><\/path><\/svg><\/div><\/div><\/div><\/div>\n<\/div>\n\n\n\n<div class=\"wp-block-group is-nowrap is-layout-flex wp-container-core-group-is-layout-6c531013 wp-block-group-is-layout-flex\">      \n\t\t\t<div class=\"uagb-icon-wrapper uagb-block-cf600fa6      \"\n\t\t\tstyle=\"\" >\n\t\t\t\t\t\t\t\t\t<span class=\"uagb-svg-wrapper\" \n\t\t\t\t\t aria-label=\"angle-right\"\t\t\t\t\ttabindex=\"0\">\t\t\n\t\t\t\t\t\t\t\t\t\t<svg xmlns=\"https:\/\/www.w3.org\/2000\/svg\" viewBox= \"0 0 256 512\" role=\"graphics-symbol\" aria-hidden=\"false\" aria-label=\"\"><path d=\"M64 448c-8.188 0-16.38-3.125-22.62-9.375c-12.5-12.5-12.5-32.75 0-45.25L178.8 256L41.38 118.6c-12.5-12.5-12.5-32.75 0-45.25s32.75-12.5 45.25 0l160 160c12.5 12.5 12.5 32.75 0 45.25l-160 160C80.38 444.9 72.19 448 64 448z\"><\/path><\/svg>\n\t\t\t\t\t\t\t\t\t<\/span>\n\t\t\t\t\t\t\t<\/div>\n\t\t\t\n\n\n<p><strong>Flughafen m\u00e1laga Autovermietung ohne Werbung.<\/strong><\/p>\n\n\n\n<div class=\"wp-block-uagb-modal uagb-block-a1ed23f1 uagb-modal-wrapper\" data-escpress=\"enable\" data-overlayclick=\"enable\"><div class=\"uagb-modal-trigger\"><svg xmlns=\"https:\/\/www.w3.org\/2000\/svg\" viewBox=\"0 0 448 512\"><path d=\"M438.6 278.6l-160 160C272.4 444.9 264.2 448 256 448s-16.38-3.125-22.62-9.375c-12.5-12.5-12.5-32.75 0-45.25L338.8 288H32C14.33 288 .0016 273.7 .0016 256S14.33 224 32 224h306.8l-105.4-105.4c-12.5-12.5-12.5-32.75 0-45.25s32.75-12.5 45.25 0l160 160C451.1 245.9 451.1 266.1 438.6 278.6z\"><\/path><\/svg><\/div><div class=\"uagb-effect-default uagb-modal-popup uagb-block-a1ed23f1\"><div class=\"uagb-modal-popup-wrap\"><div class=\"uagb-modal-popup-content\">\n<div class=\"wp-block-uagb-advanced-heading uagb-block-5f3f4d88\"><h2 class=\"uagb-heading-text\">Fahrzeuge ohne Aufkleber oder Werbung. Fahren Sie keine Werbung auf R\u00e4dern.<\/h2><\/div>\n\n\n\n<hr class=\"wp-block-separator has-text-color has-secondary-color has-alpha-channel-opacity has-secondary-background-color has-background\"\/>\n\n\n\n<p>Obwohl Spanien ein sicheres Land ist, werden Touristen oftmals Opfer eines Diebstahls oder Raubes.<\/p>\n\n\n\n<p>Demzufolge verzichten wir auf Aufklebern und Werbung an unseren Fahrzeugen, die Verbrecher aufmerksam machen k\u00f6nnten.<\/p>\n\n\n\n<p>Fahren Sie keine Werbung auf R\u00e4dern.<\/p>\n<\/div><div class=\"uagb-modal-popup-close\"><svg xmlns=\"https:\/\/www.w3.org\/2000\/svg\" viewBox=\"0 0 320 512\"><path d=\"M310.6 361.4c12.5 12.5 12.5 32.75 0 45.25C304.4 412.9 296.2 416 288 416s-16.38-3.125-22.62-9.375L160 301.3L54.63 406.6C48.38 412.9 40.19 416 32 416S15.63 412.9 9.375 406.6c-12.5-12.5-12.5-32.75 0-45.25l105.4-105.4L9.375 150.6c-12.5-12.5-12.5-32.75 0-45.25s32.75-12.5 45.25 0L160 210.8l105.4-105.4c12.5-12.5 32.75-12.5 45.25 0s12.5 32.75 0 45.25l-105.4 105.4L310.6 361.4z\"><\/path><\/svg><\/div><\/div><\/div><\/div>\n<\/div>\n\n\n\n<div class=\"wp-block-group is-nowrap is-layout-flex wp-container-core-group-is-layout-6c531013 wp-block-group-is-layout-flex\">      \n\t\t\t<div class=\"uagb-icon-wrapper uagb-block-676170a5      \"\n\t\t\tstyle=\"\" >\n\t\t\t\t\t\t\t\t\t<span class=\"uagb-svg-wrapper\" \n\t\t\t\t\t aria-label=\"angle-right\"\t\t\t\t\ttabindex=\"0\">\t\t\n\t\t\t\t\t\t\t\t\t\t<svg xmlns=\"https:\/\/www.w3.org\/2000\/svg\" viewBox= \"0 0 256 512\" role=\"graphics-symbol\" aria-hidden=\"false\" aria-label=\"\"><path d=\"M64 448c-8.188 0-16.38-3.125-22.62-9.375c-12.5-12.5-12.5-32.75 0-45.25L178.8 256L41.38 118.6c-12.5-12.5-12.5-32.75 0-45.25s32.75-12.5 45.25 0l160 160c12.5 12.5 12.5 32.75 0 45.25l-160 160C80.38 444.9 72.19 448 64 448z\"><\/path><\/svg>\n\t\t\t\t\t\t\t\t\t<\/span>\n\t\t\t\t\t\t\t<\/div>\n\t\t\t\n\n\n<p><strong>Sonderkonditionen M\u00e1laga Mietwagen<\/strong> f\u00fcr Stammkunden.<\/p>\n\n\n\n<div class=\"wp-block-uagb-modal uagb-block-b4f99c8d uagb-modal-wrapper\" data-escpress=\"enable\" data-overlayclick=\"enable\"><div class=\"uagb-modal-trigger\"><svg xmlns=\"https:\/\/www.w3.org\/2000\/svg\" viewBox=\"0 0 448 512\"><path d=\"M438.6 278.6l-160 160C272.4 444.9 264.2 448 256 448s-16.38-3.125-22.62-9.375c-12.5-12.5-12.5-32.75 0-45.25L338.8 288H32C14.33 288 .0016 273.7 .0016 256S14.33 224 32 224h306.8l-105.4-105.4c-12.5-12.5-12.5-32.75 0-45.25s32.75-12.5 45.25 0l160 160C451.1 245.9 451.1 266.1 438.6 278.6z\"><\/path><\/svg><\/div><div class=\"uagb-effect-default uagb-modal-popup uagb-block-b4f99c8d\"><div class=\"uagb-modal-popup-wrap\"><div class=\"uagb-modal-popup-content\">\n<div class=\"wp-block-uagb-advanced-heading uagb-block-a696313e\"><h2 class=\"uagb-heading-text\">Besondere Mietbedingungen f\u00fcr Eigent\u00fcmer und Stammkunden<\/h2><\/div>\n\n\n\n<hr class=\"wp-block-separator has-text-color has-secondary-color has-alpha-channel-opacity has-secondary-background-color has-background\"\/>\n\n\n\n<p>F\u00fcr unsere Stammkunden und Besitzer eines Ferienhaus an der K\u00fcste bieten wir Spezialangebote an.<\/p>\n\n\n\n<p><strong>Fragen Sie uns einfach!<\/strong><\/p>\n<\/div><div class=\"uagb-modal-popup-close\"><svg xmlns=\"https:\/\/www.w3.org\/2000\/svg\" viewBox=\"0 0 320 512\"><path d=\"M310.6 361.4c12.5 12.5 12.5 32.75 0 45.25C304.4 412.9 296.2 416 288 416s-16.38-3.125-22.62-9.375L160 301.3L54.63 406.6C48.38 412.9 40.19 416 32 416S15.63 412.9 9.375 406.6c-12.5-12.5-12.5-32.75 0-45.25l105.4-105.4L9.375 150.6c-12.5-12.5-12.5-32.75 0-45.25s32.75-12.5 45.25 0L160 210.8l105.4-105.4c12.5-12.5 32.75-12.5 45.25 0s12.5 32.75 0 45.25l-105.4 105.4L310.6 361.4z\"><\/path><\/svg><\/div><\/div><\/div><\/div>\n<\/div>\n<\/div>\n<\/div>\n<\/div><\/div>\n\n\n\n<section class=\"wp-block-uagb-container uagb-block-41caa431 default uagb-is-root-container\">\n<div class=\"wp-block-uagb-advanced-heading uagb-block-b3edacd4 fadeintop c-w-fit\"><h2 class=\"uagb-heading-text\">B\u00fcros zur g\u00fcnstigen Autovermietung an der Costa del Sol<\/h2><div class=\"uagb-separator\"><\/div><\/div>\n\n\n\n<div class=\"wp-block-uagb-container uagb-block-db412c65 alignfull uagb-is-root-container\"><div class=\"uagb-container-inner-blocks-wrap\">\n<div class=\"wp-block-uagb-buttons uagb-buttons__outer-wrap uagb-btn__default-btn uagb-btn-tablet__default-btn uagb-btn-mobile__default-btn uagb-block-291253b3\"><div class=\"uagb-buttons__wrap uagb-buttons-layout-wrap\">\n<div class=\"wp-block-uagb-buttons-child uagb-buttons__outer-wrap uagb-block-93effa03 wp-block-button\"><div class=\"uagb-button__wrapper\"><a class=\"uagb-buttons-repeater wp-block-button__link\" href=\"\/de\/autovermietung-in-marbella\/\" onclick=\"return true;\" rel=\"follow noopener\" target=\"_blank\"><span class=\"uagb-button__icon uagb-button__icon-position-before\"><svg xmlns=\"https:\/\/www.w3.org\/2000\/svg\" viewBox=\"0 0 512 512\"><path d=\"M39.61 196.8L74.8 96.29C88.27 57.78 124.6 32 165.4 32H346.6C387.4 32 423.7 57.78 437.2 96.29L472.4 196.8C495.6 206.4 512 229.3 512 256V448C512 465.7 497.7 480 480 480H448C430.3 480 416 465.7 416 448V400H96V448C96 465.7 81.67 480 64 480H32C14.33 480 0 465.7 0 448V256C0 229.3 16.36 206.4 39.61 196.8V196.8zM109.1 192H402.9L376.8 117.4C372.3 104.6 360.2 96 346.6 96H165.4C151.8 96 139.7 104.6 135.2 117.4L109.1 192zM96 256C78.33 256 64 270.3 64 288C64 305.7 78.33 320 96 320C113.7 320 128 305.7 128 288C128 270.3 113.7 256 96 256zM416 320C433.7 320 448 305.7 448 288C448 270.3 433.7 256 416 256C398.3 256 384 270.3 384 288C384 305.7 398.3 320 416 320z\"><\/path><\/svg><\/span><div class=\"uagb-button__link\">Marbella autovermietung<\/div><\/a><\/div><\/div>\n\n\n\n<div class=\"wp-block-uagb-buttons-child uagb-buttons__outer-wrap uagb-block-20bce6ea wp-block-button\"><div class=\"uagb-button__wrapper\"><a class=\"uagb-buttons-repeater wp-block-button__link\" href=\"\/de\/autovermietung-in-malaga\/\" onclick=\"return true;\" rel=\"follow noopener\" target=\"_blank\"><span class=\"uagb-button__icon uagb-button__icon-position-before\"><svg xmlns=\"https:\/\/www.w3.org\/2000\/svg\" viewBox=\"0 0 512 512\"><path d=\"M39.61 196.8L74.8 96.29C88.27 57.78 124.6 32 165.4 32H346.6C387.4 32 423.7 57.78 437.2 96.29L472.4 196.8C495.6 206.4 512 229.3 512 256V448C512 465.7 497.7 480 480 480H448C430.3 480 416 465.7 416 448V400H96V448C96 465.7 81.67 480 64 480H32C14.33 480 0 465.7 0 448V256C0 229.3 16.36 206.4 39.61 196.8V196.8zM109.1 192H402.9L376.8 117.4C372.3 104.6 360.2 96 346.6 96H165.4C151.8 96 139.7 104.6 135.2 117.4L109.1 192zM96 256C78.33 256 64 270.3 64 288C64 305.7 78.33 320 96 320C113.7 320 128 305.7 128 288C128 270.3 113.7 256 96 256zM416 320C433.7 320 448 305.7 448 288C448 270.3 433.7 256 416 256C398.3 256 384 270.3 384 288C384 305.7 398.3 320 416 320z\"><\/path><\/svg><\/span><div class=\"uagb-button__link\">Mietwagen M\u00e1laga<\/div><\/a><\/div><\/div>\n<\/div><\/div>\n\n\n\n<div class=\"wp-block-uagb-buttons uagb-buttons__outer-wrap uagb-btn__default-btn uagb-btn-tablet__default-btn uagb-btn-mobile__default-btn uagb-block-5d833384\"><div class=\"uagb-buttons__wrap uagb-buttons-layout-wrap\">\n<div class=\"wp-block-uagb-buttons-child uagb-buttons__outer-wrap uagb-block-df958b9f wp-block-button\"><div class=\"uagb-button__wrapper\"><a class=\"uagb-buttons-repeater wp-block-button__link\" href=\"\/de\/mietwagen-malaga-flughafen\/\" onclick=\"return true;\" rel=\"follow noopener\" target=\"_blank\"><span class=\"uagb-button__icon uagb-button__icon-position-before\"><svg xmlns=\"https:\/\/www.w3.org\/2000\/svg\" viewBox=\"0 0 640 512\"><path d=\"M484.6 62C502.6 52.8 522.6 48 542.8 48H600.2C627.2 48 645.9 74.95 636.4 100.2C618.2 148.9 582.1 188.9 535.6 212.2L262.8 348.6C258.3 350.8 253.4 352 248.4 352H110.7C101.4 352 92.5 347.9 86.42 340.8L13.34 255.6C6.562 247.7 9.019 235.5 18.33 230.8L50.49 214.8C59.05 210.5 69.06 210.2 77.8 214.1L135.1 239.1L234.6 189.7L87.64 95.2C77.21 88.49 78.05 72.98 89.14 67.43L135 44.48C150.1 36.52 169.5 35.55 186.1 41.8L381 114.9L484.6 62zM0 480C0 462.3 14.33 448 32 448H608C625.7 448 640 462.3 640 480C640 497.7 625.7 512 608 512H32C14.33 512 0 497.7 0 480z\"><\/path><\/svg><\/span><div class=\"uagb-button__link\">Autovermietung M\u00e1laga flughafen<\/div><\/a><\/div><\/div>\n\n\n\n<div class=\"wp-block-uagb-buttons-child uagb-buttons__outer-wrap uagb-block-ebb9edc4 wp-block-button\"><div class=\"uagb-button__wrapper\"><a class=\"uagb-buttons-repeater wp-block-button__link\" href=\"\/de\/mietwagen-am-bahnhof-von-malaga\/\" onclick=\"return true;\" rel=\"follow noopener\" target=\"_blank\"><span class=\"uagb-button__icon uagb-button__icon-position-before\"><svg xmlns=\"https:\/\/www.w3.org\/2000\/svg\" viewBox=\"0 0 448 512\"><path d=\"M352 0C405 0 448 42.98 448 96V352C448 399.1 412.8 439.7 366.9 446.9L412.9 492.9C419.9 499.9 414.9 512 404.1 512H365.3C356.8 512 348.6 508.6 342.6 502.6L288 448H160L105.4 502.6C99.37 508.6 91.23 512 82.75 512H43.04C33.06 512 28.06 499.9 35.12 492.9L81.14 446.9C35.18 439.7 0 399.1 0 352V96C0 42.98 42.98 0 96 0H352zM64 224C64 241.7 78.33 256 96 256H176C193.7 256 208 241.7 208 224V128C208 110.3 193.7 96 176 96H96C78.33 96 64 110.3 64 128V224zM272 96C254.3 96 240 110.3 240 128V224C240 241.7 254.3 256 272 256H352C369.7 256 384 241.7 384 224V128C384 110.3 369.7 96 352 96H272zM96 320C78.33 320 64 334.3 64 352C64 369.7 78.33 384 96 384C113.7 384 128 369.7 128 352C128 334.3 113.7 320 96 320zM352 384C369.7 384 384 369.7 384 352C384 334.3 369.7 320 352 320C334.3 320 320 334.3 320 352C320 369.7 334.3 384 352 384z\"><\/path><\/svg><\/span><div class=\"uagb-button__link\">Autovermietung M\u00e1laga bahnhof<\/div><\/a><\/div><\/div>\n<\/div><\/div>\n<\/div><\/div>\n<\/section>\n\n\n\n<div class=\"wp-block-uagb-container uagb-block-123096ec alignfull uagb-is-root-container\"><div class=\"uagb-container-inner-blocks-wrap\">\n<div class=\"wp-block-uagb-advanced-heading uagb-block-05dcc8de fadeintop\"><h2 class=\"uagb-heading-text\">Vorteile der Autovermietung<\/h2><div class=\"uagb-separator\"><\/div><\/div>\n\n\n\n<p>\u25cf\u00a0Du <strong>triffst alle Reiseentscheidungen<\/strong>: Das Vertrauen in eine Autovermietungsfirma erm\u00f6glicht es dir, \u00fcber ein eigenes Transportmittel zu verf\u00fcgen. Es spielt keine Rolle, ob du zu einem bestimmten Zeitpunkt die Reiseroute \u00e4ndern m\u00f6chtest oder ob sich unvorhergesehene Umst\u00e4nde ergeben, die dies erfordern. Du kannst das Auto jederzeit nutzen, wenn du es ben\u00f6tigst.<\/p>\n\n\n\n<p>\u25cf\u00a0<strong>Es eine einfache und bequeme Option<\/strong>: Die Miete von g\u00fcnstigen Autos ist sehr einfach, da nur wenige Mindestanforderungen erf\u00fcllt werden m\u00fcssen, um ein solches Fahrzeug zu w\u00e4hlen. Normalerweise ist lediglich ein Mindestalter erforderlich und etwas Fahrerfahrung. Durch Vorlage der erforderlichen Identifikationsdokumente k\u00f6nnen wir bereits mit dem Mietfahrzeug reisen.<\/p>\n\n\n\n<p>\u25cf\u00a0<strong>G\u00fcnstige Preise<\/strong>: Wenn du eine kosteng\u00fcnstige Reise planst und an anderer Stelle nicht sparen m\u00f6chtest, kannst du es mit der Miete eines g\u00fcnstigen Autos versuchen. Du erh\u00e4ltst ein preiswertes Fahrzeug mit allen Annehmlichkeiten und Sicherheitsgarantien, mit dem du \u00fcberall hin reisen kannst.<\/p>\n\n\n\n<p>\u25cf\u00a0<strong>Vielfalt an Optionen<\/strong>: Du hast die M\u00f6glichkeit, das Auto auszuw\u00e4hlen, das dir am besten gef\u00e4llt, aus einer gro\u00dfen Auswahl an Angeboten. Du musst dich nicht mit dem ersten Fahrzeug zufriedengeben, das dir angeboten wird, da du immer mehrere Alternativen zur Auswahl hast..<\/p>\n\n\n\n<p>Vertraue auf Yellow Car, Spezialist f\u00fcr die Autovermietung in Malaga.<\/p>\n<\/div><\/div>\n","protected":false},"excerpt":{"rendered":"<p>Vorteile der Anmietung eines Autos bei Yellow Car: G\u00fcnstige Autovermietung in Malaga Bei der Vorbereitung einer Reise gibt es viele Dinge zu bedenken, aber der Transport ist einer der wichtigsten Faktoren. Obwohl Sie immer die M\u00f6glichkeit haben, \u00f6ffentliche Verkehrsmittel zu nutzen, h\u00e4ngt es oft von den Fahrpl\u00e4nen und den Standorten der Haltestellen ab (die nicht [&hellip;]<\/p>\n","protected":false},"author":2,"featured_media":4989,"parent":0,"menu_order":0,"comment_status":"closed","ping_status":"closed","template":"","meta":{"_acf_changed":false,"inline_featured_image":false,"_uag_custom_page_level_css":"","footnotes":""},"class_list":["post-5871","page","type-page","status-publish","has-post-thumbnail","hentry"],"acf":[],"uagb_featured_image_src":{"full":["https:\/\/www.yellowcar.com\/wp-content\/uploads\/2023\/09\/coches-economicos.min_.jpg",1920,1282,false],"thumbnail":["https:\/\/www.yellowcar.com\/wp-content\/uploads\/2023\/09\/coches-economicos.min_-150x150.jpg",150,150,true],"medium":["https:\/\/www.yellowcar.com\/wp-content\/uploads\/2023\/09\/coches-economicos.min_-300x200.jpg",300,200,true],"medium_large":["https:\/\/www.yellowcar.com\/wp-content\/uploads\/2023\/09\/coches-economicos.min_-768x513.jpg",768,513,true],"large":["https:\/\/www.yellowcar.com\/wp-content\/uploads\/2023\/09\/coches-economicos.min_-1024x684.jpg",1024,684,true],"1536x1536":["https:\/\/www.yellowcar.com\/wp-content\/uploads\/2023\/09\/coches-economicos.min_-1536x1026.jpg",1536,1026,true],"2048x2048":["https:\/\/www.yellowcar.com\/wp-content\/uploads\/2023\/09\/coches-economicos.min_.jpg",1920,1282,false]},"uagb_author_info":{"display_name":"Yellow Car","author_link":"https:\/\/www.yellowcar.com\/de\/author\/yellow-car\/"},"uagb_comment_info":0,"uagb_excerpt":"Vorteile der Anmietung eines Autos bei Yellow Car: G\u00fcnstige Autovermietung in Malaga Bei der Vorbereitung einer Reise gibt es viele Dinge zu bedenken, aber der Transport ist einer der wichtigsten Faktoren. Obwohl Sie immer die M\u00f6glichkeit haben, \u00f6ffentliche Verkehrsmittel zu nutzen, h\u00e4ngt es oft von den Fahrpl\u00e4nen und den Standorten der Haltestellen ab (die nicht&hellip;","_links":{"self":[{"href":"https:\/\/www.yellowcar.com\/de\/wp-json\/wp\/v2\/pages\/5871","targetHints":{"allow":["GET"]}}],"collection":[{"href":"https:\/\/www.yellowcar.com\/de\/wp-json\/wp\/v2\/pages"}],"about":[{"href":"https:\/\/www.yellowcar.com\/de\/wp-json\/wp\/v2\/types\/page"}],"author":[{"embeddable":true,"href":"https:\/\/www.yellowcar.com\/de\/wp-json\/wp\/v2\/users\/2"}],"replies":[{"embeddable":true,"href":"https:\/\/www.yellowcar.com\/de\/wp-json\/wp\/v2\/comments?post=5871"}],"version-history":[{"count":2,"href":"https:\/\/www.yellowcar.com\/de\/wp-json\/wp\/v2\/pages\/5871\/revisions"}],"predecessor-version":[{"id":5907,"href":"https:\/\/www.yellowcar.com\/de\/wp-json\/wp\/v2\/pages\/5871\/revisions\/5907"}],"wp:featuredmedia":[{"embeddable":true,"href":"https:\/\/www.yellowcar.com\/de\/wp-json\/wp\/v2\/media\/4989"}],"wp:attachment":[{"href":"https:\/\/www.yellowcar.com\/de\/wp-json\/wp\/v2\/media?parent=5871"}],"curies":[{"name":"wp","href":"https:\/\/api.w.org\/{rel}","templated":true}]}}